{"id":6597,"date":"2024-09-12T06:39:24","date_gmt":"2024-09-12T06:39:24","guid":{"rendered":"https:\/\/citizen-entrepreneurs.com\/?post_type=summits&#038;p=6597"},"modified":"2024-09-12T06:39:24","modified_gmt":"2024-09-12T06:39:24","slug":"g20-yea-2019-fukuoka-japon","status":"publish","type":"summits","link":"https:\/\/citizen-entrepreneurs.com\/index.php\/summits\/g20-yea-2019-fukuoka-japon\/","title":{"rendered":"G20 YEA 2019 \u2013 Fukuoka, Japon"},"content":{"rendered":"\r\n<p><strong>16 &amp; 17 mai | Fukuoka, Japon<\/strong><\/p>\r\n\r\n\r\n\r\n<p>La Young Entrepreneurs\u2019 Alliance (G20 YEA) est un r\u00e9seau mondial d\u2019associations dont l\u2019objectif est de mettre en avant le r\u00f4le de l\u2019entrepreneur comme moteur de croissance, d\u2019innovation, de cr\u00e9ation d\u2019emploi et de prosp\u00e9rit\u00e9 \u00e9conomique et sociale. Nous rassemblons l\u2019\u00e9cosyst\u00e8me entrepreneurial fran\u00e7ais pour promouvoir et f\u00e9d\u00e9rer les synergies en faveur entrepreneuriat.<\/p>\r\n\r\n\r\n\r\n<p>Pr\u00e8s de 400 jeunes entrepreneurs des pays du G20 se sont r\u00e9unis \u00e0 Fukuoka, les 16 et 17 mai&nbsp;dernier, anim\u00e9s par l\u2019envie de partager leur vision positive sur le r\u00f4le des entrepreneurs&nbsp;dans la soci\u00e9t\u00e9.<\/p>\r\n\r\n\r\n\r\n<p>C\u2019est dans cet\u00a0esprit que\u00a0<strong><a href=\"https:\/\/citizen-entrepreneurs.us15.list-manage.com\/track\/click?u=16e596b609cc08a7c04b73d52&amp;id=2acb883f42&amp;e=7f9d37616b\">36 jeunes entrepreneurs fran\u00e7ais<\/a><\/strong> ont repr\u00e9sent\u00e9\u00a0notre pays et ont rappel\u00e9\u00a0\u00e0 l\u2019occasion qu\u2019\u00a0<em>Entrepreneurs<\/em>\u00a0est un mot fran\u00e7ais !<\/p>\r\n\r\n\r\n\r\n<figure class=\"wp-block-image size-large\"><a href=\"https:\/\/www.flickr.com\/photos\/journees-entrepreneur\/albums\/72157700442867401\"><img decoding=\"async\" src=\"http:\/\/citizen.caansoft.com\/wp-content\/uploads\/2020\/11\/G20YEA-2019-768x547-1.png\" alt=\"\" class=\"wp-image-4392\"\/><\/a><\/figure>\r\n\r\n\r\n\r\n<p>Cette ann\u00e9e, les entrepreneurs ont r\u00e9fl\u00e9chi&nbsp;ensemble sur le th\u00e8me \u00ab&nbsp;<em>Imagination Economy for a sustainable future&nbsp;\u00bb<\/em>.<\/p>\r\n\r\n\r\n\r\n<p>Nous vous invitons \u00e0 d\u00e9couvrir le&nbsp;<strong>communiqu\u00e9 final&nbsp;du G20 YEA 2019<\/strong>, sign\u00e9 par les pr\u00e9sidents des d\u00e9l\u00e9gations de chaque pays du G20.<\/p>\r\n\r\n\r\n\r\n<p>C\u2019est en s\u2019appuyant sur ces grandes orientations que la d\u00e9l\u00e9gation fran\u00e7aise va construire les recommandations qu\u2019elle pr\u00e9sentera au Gouvernement fran\u00e7ais, le\u00a0<strong>25\u00a0novembre 2019\u00a0<\/strong>\u00e0 Bercy, lors de la 12e\u00a0<strong>Conf\u00e9rence Annuelle des Entrepreneurs<\/strong>, sur\u00a0<strong>L\u2019entrepreneur.e, moteur de la mobilit\u00e9 sociale.<\/strong><\/p>\r\n\r\n\r\n\r\n<figure class=\"wp-block-image size-large\"><a href=\"https:\/\/www.g20yea.com\/images\/communique\/G20-YEA-2019-Communique.pdf\"><img decoding=\"async\" src=\"http:\/\/citizen.caansoft.com\/wp-content\/uploads\/2020\/11\/Bouton-Communique\u0301-de-press-600x63-1.png\" alt=\"\" class=\"wp-image-4393\"\/><\/a><\/figure>\r\n\r\n\r\n\r\n<p class=\"has-text-align-center\"><strong>\u00a0LA DELEGATION FRANCAISE<\/strong><\/p>\r\n\r\n\r\n\r\n<figure class=\"wp-block-image size-large\"><img decoding=\"async\" src=\"http:\/\/citizen.caansoft.com\/wp-content\/uploads\/2020\/11\/Picture1-2.png\" alt=\"\" class=\"wp-image-4394\"\/><figcaption><strong>Shirley Billot<\/strong>, CEO de\u00a0<strong>Kadalys<\/strong>, premi\u00e8re marque de cosm\u00e9tologie naturelle dont les produits de soin sont \u00e0 base de bananes martiniquaises.\u00a0<a href=\"https:\/\/www.kadalys.com\/\">https:\/\/www.kadalys.com\/<\/a><br>Shirley est Laur\u00e9ate du\u00a0<strong>Prix Innovation Outre-Mer<\/strong>\u00a0d\u2019<a href=\"http:\/\/www.outremernetwork.fr\/\">Outre Mer Network<\/a>\u00a0partenaire de Citizen Entrepreneurs.<\/figcaption><\/figure>\r\n\r\n\r\n\r\n<figure class=\"wp-block-image size-large\"><img decoding=\"async\" src=\"http:\/\/citizen.caansoft.com\/wp-content\/uploads\/2020\/11\/Picture2-1-1.png\" alt=\"\" class=\"wp-image-4395\"\/><figcaption><strong>Arnaud Brillaud et Maximilien Petitgenet,\u00a0<\/strong>co-fondateurs de<strong>\u00a0Domalys,\u00a0<\/strong>acteur majeur de l\u2019innovation dans la Silver Economy qui con\u00e7oit et fabrique des \u00e9quipements qui am\u00e9liorent le quotidien des personnes d\u00e9pendantes.\u00a0<a href=\"https:\/\/www.domalys.com\/\">https:\/\/www.domalys.com\/<\/a><\/figcaption><\/figure>\r\n\r\n\r\n\r\n<figure class=\"wp-block-image size-large\"><img decoding=\"async\" src=\"http:\/\/citizen.caansoft.com\/wp-content\/uploads\/2020\/11\/Picture3-1.png\" alt=\"\" class=\"wp-image-4396\"\/><figcaption><strong>Vincent Bruneau<\/strong>, fondateur et CEO de\u00a0<strong>SparkUP<\/strong>, plateforme SaaS pour stimuler les \u00e9changes et le collaboratif sur toutes les r\u00e9unions.\u00a0<a href=\"https:\/\/sparkup.app\/fr\/\">https:\/\/sparkup.app\/fr\/\u00a0<\/a><\/figcaption><\/figure>\r\n\r\n\r\n\r\n<figure class=\"wp-block-image size-large\"><img decoding=\"async\" src=\"http:\/\/citizen.caansoft.com\/wp-content\/uploads\/2020\/11\/Picture5-2.png\" alt=\"\" class=\"wp-image-4397\"\/><figcaption><strong>Nicolas Cargou<\/strong>, Directeur G\u00e9n\u00e9ral de\u00a0<strong>Samboat<\/strong>, site web de location de bateaux entre particuliers. La plateforme communautaire met en relation des propri\u00e9taires et des locataires de bateaux.\u00a0<a href=\"https:\/\/www.samboat.fr\/\">https:\/\/www.samboat.fr\/<\/a><\/figcaption><\/figure>\r\n\r\n\r\n\r\n<figure class=\"wp-block-image size-large\"><img decoding=\"async\" src=\"http:\/\/citizen.caansoft.com\/wp-content\/uploads\/2020\/11\/Picture6-1.png\" alt=\"\" class=\"wp-image-4398\"\/><figcaption><strong>Romain Carr\u00e8re<\/strong>, CEO d\u2019<strong>EasyCartouche<\/strong>, sp\u00e9cialis\u00e9e dans la vente en ligne de cartouches d\u2019encre remanufactur\u00e9es\u00a0: une solution plus \u00e9conomique et plus \u00e9cologique.\u00a0<a href=\"https:\/\/www.easycartouche.fr\/\">https:\/\/www.easycartouche.fr\/<\/a><\/figcaption><\/figure>\r\n\r\n\r\n\r\n<figure class=\"wp-block-image size-large\"><img decoding=\"async\" src=\"http:\/\/citizen.caansoft.com\/wp-content\/uploads\/2020\/11\/Picture7-2.png\" alt=\"\" class=\"wp-image-4399\"\/><figcaption><strong>Hugues Cazenave<\/strong>, pr\u00e9sident fondateur d\u2019<strong>OpinionWay,\u00a0<\/strong>entreprise de sondages politiques et d\u2019\u00e9tudes marketing fran\u00e7aise.\u00a0<a href=\"https:\/\/www.opinion-way.com\/fr\/\">https:\/\/www.opinion-way.com\/fr\/<\/a><\/figcaption><\/figure>\r\n\r\n\r\n\r\n<figure class=\"wp-block-image size-large\"><img decoding=\"async\" src=\"http:\/\/citizen.caansoft.com\/wp-content\/uploads\/2020\/11\/Picture8-1.png\" alt=\"\" class=\"wp-image-4400\"\/><figcaption><strong>Anne<\/strong>\u00a0<strong>Chauder<\/strong>, Pr\u00e9sidente de\u00a0<strong>D\u00f4mes Pharma,\u00a0<\/strong>groupe pharmaceutique qui existe depuis plus de 70 ans et qui a \u00e9t\u00e9 l\u2019un des pionniers du m\u00e9dicament v\u00e9t\u00e9rinaire en France.\u00a0<a href=\"http:\/\/www.domespharma.com\/\">http:\/\/www.domespharma.com\/<\/a><br><\/figcaption><\/figure>\r\n\r\n\r\n\r\n<figure class=\"wp-block-image size-large\"><img decoding=\"async\" src=\"http:\/\/citizen.caansoft.com\/wp-content\/uploads\/2020\/11\/Picture9BIS-1.png\" alt=\"\" class=\"wp-image-4401\"\/><figcaption><strong>Franck Coppola\u00a0<\/strong>et<strong>\u00a0Pierre Alexandre Entraygues<\/strong>, co-fondateurs d\u2019<strong>Hexaglobe<\/strong>, fournisseur de logiciels et services IT pour le secteur de l\u2019audiovisuel et pour accompagner ses clients dans leurs projets de t\u00e9l\u00e9vision, internet, mobile et r\u00e9seaux sociaux.\u00a0<a href=\"https:\/\/www.hexaglobe.com\/\">https:\/\/www.hexaglobe.com\/<\/a><\/figcaption><\/figure>\r\n\r\n\r\n\r\n<figure class=\"wp-block-image size-large\"><img decoding=\"async\" src=\"http:\/\/citizen.caansoft.com\/wp-content\/uploads\/2020\/11\/Picture10-1.png\" alt=\"\" class=\"wp-image-4402\"\/><figcaption><strong>Cyril<\/strong>\u00a0<strong>Dan\u00e9<\/strong>, Owner d\u2019<strong>AIO<\/strong>, travaille depuis plus de 10 ans \u00e0 rendre le travail de l\u2019homme plus facile dans les usines d\u2019assemblage automobile au travers d\u2019une robotique environnementale et frugale.\u00a0<a href=\"http:\/\/aio.eu\/\">http:\/\/aio.eu\/<\/a><\/figcaption><\/figure>\r\n\r\n\r\n\r\n<figure class=\"wp-block-image size-large\"><img decoding=\"async\" src=\"http:\/\/citizen.caansoft.com\/wp-content\/uploads\/2020\/11\/Picture11-1.png\" alt=\"\" class=\"wp-image-4403\"\/><figcaption><strong>Paul De la Gueriviere,\u00a0<\/strong>CEO d\u2019<strong>Ideol<\/strong>, \u00e9quipementier-constructeur de fondations flottantes pour l\u2019\u00e9olien en mer. Ideol s\u2019est impos\u00e9e comme l\u2019un des leaders mondiaux de l\u2019\u00e9olien flottant.\u00a0<a href=\"https:\/\/www.ideol-offshore.com\/fr\">https:\/\/www.ideol-offshore.com\/fr<\/a><\/figcaption><\/figure>\r\n\r\n\r\n\r\n<figure class=\"wp-block-image size-large\"><img decoding=\"async\" src=\"http:\/\/citizen.caansoft.com\/wp-content\/uploads\/2020\/11\/Picture12-1.png\" alt=\"\" class=\"wp-image-4404\"\/><figcaption><strong>Beatrice Eastham<\/strong>, fondatrice de\u00a0<strong>Green Ev\u00e9nements<\/strong>,\u00a0cabinet de conseil expert en solutions durables pour le secteur \u00e9v\u00e9nementiel.\u00a0<a href=\"http:\/\/www.green-evenements.com\/\">http:\/\/www.green-evenements.com\/<\/a><\/figcaption><\/figure>\r\n\r\n\r\n\r\n<figure class=\"wp-block-image size-large\"><img decoding=\"async\" src=\"http:\/\/citizen.caansoft.com\/wp-content\/uploads\/2020\/11\/Picture13-1.png\" alt=\"\" class=\"wp-image-4405\"\/><figcaption><strong>Pauline Eveno<\/strong>, fondatrice de\u00a0<strong>Syos<\/strong>, entreprise qui commercialise des becs de saxophone sur-mesure et dont l\u2019objectif est de mettre les connaissances scientifiques et les nouvelles technologies au service des musiciens.\u00a0<a href=\"https:\/\/www.syos.co\/fr\/\">https:\/\/www.syos.co\/fr\/<\/a><br><\/figcaption><\/figure>\r\n\r\n\r\n\r\n<figure class=\"wp-block-image size-large\"><img decoding=\"async\" src=\"http:\/\/citizen.caansoft.com\/wp-content\/uploads\/2020\/11\/Picture14-2.png\" alt=\"\" class=\"wp-image-4406\"\/><figcaption><strong>S\u00e9bastien<\/strong>\u00a0<strong>Fran\u00e7ois<\/strong>, fondateur d\u2019<strong>INDUO<\/strong>, entreprise de smart textile dont la premi\u00e8re innovation est un tissu de chemise 100% coton qui reste propre, frais et confortable en toutes circonstances.\u00a0<a href=\"https:\/\/www.induo.fr\/\">https:\/\/www.induo.fr\/<\/a><\/figcaption><\/figure>\r\n\r\n\r\n\r\n<figure class=\"wp-block-image size-large\"><img decoding=\"async\" src=\"http:\/\/citizen.caansoft.com\/wp-content\/uploads\/2020\/11\/Picture15-1.png\" alt=\"\" class=\"wp-image-4407\"\/><figcaption><strong>Charlotte Gaillard,\u00a0<\/strong>fondatrice de\u00a0<strong>M\u00e9gara<\/strong>, soci\u00e9t\u00e9 de vente en ligne de produits pour b\u00e9b\u00e9 &amp; maman via le site marchand Berceaumagique.com.\u00a0<a href=\"https:\/\/www.berceaumagique.com\/\">https:\/\/www.berceaumagique.com\/<\/a><\/figcaption><\/figure>\r\n\r\n\r\n\r\n<figure class=\"wp-block-image size-large\"><img decoding=\"async\" src=\"http:\/\/citizen.caansoft.com\/wp-content\/uploads\/2020\/11\/Picture16-1.png\" alt=\"\" class=\"wp-image-4408\"\/><figcaption><strong>Nathalie Hutter-Lardeau<\/strong>, CEO et fondatrice d\u2019<strong>Atlantic Sant\u00e9<\/strong>, agence de communication sp\u00e9cialis\u00e9e dans la nutrition, la sant\u00e9, la s\u00e9curit\u00e9 alimentaire et l\u2019environnement.\u00a0<a href=\"https:\/\/www.hl-network.com\/\">https:\/\/www.hl-network.com\/<\/a><\/figcaption><\/figure>\r\n\r\n\r\n\r\n<figure class=\"wp-block-image size-large\"><img decoding=\"async\" src=\"http:\/\/citizen.caansoft.com\/wp-content\/uploads\/2020\/11\/Picture17-1.png\" alt=\"\" class=\"wp-image-4409\"\/><figcaption><strong>Karim Jouini<\/strong>\u00a0et\u00a0<strong>Jihed Othmani<\/strong>\u00a0co-fondateurs\u00a0<strong>d\u2019Expensya<\/strong>, logiciel de gestion de rapports de d\u00e9penses multiplateforme bas\u00e9 sur le Cloud, qui permet aux professionnels de g\u00e9rer efficacement les demandes de remboursement.\u00a0<a href=\"https:\/\/www.expensya.com\/fr\/r\">https:\/\/www.expensya.com\/fr\/<\/a><\/figcaption><\/figure>\r\n\r\n\r\n\r\n<figure class=\"wp-block-image size-large\"><img decoding=\"async\" src=\"http:\/\/citizen.caansoft.com\/wp-content\/uploads\/2020\/11\/Picture18-1.png\" alt=\"\" class=\"wp-image-4410\"\/><figcaption><strong>Thibault<\/strong>\u00a0<strong>Lamarque<\/strong>, fondateur de\u00a0<strong>Castalie<\/strong>, alternative durable aux eaux en bouteille \u00e0 partir de l\u2019eau du robinet qui est micro-filtr\u00e9e sur le site de consommation gr\u00e2ce aux machines Castalie.\u00a0<a href=\"https:\/\/www.castalie.com\/\">https:\/\/www.castalie.com\/<\/a><\/figcaption><\/figure>\r\n\r\n\r\n\r\n<figure class=\"wp-block-image size-large\"><img decoding=\"async\" src=\"http:\/\/citizen.caansoft.com\/wp-content\/uploads\/2020\/11\/Picture19-1.png\" alt=\"\" class=\"wp-image-4411\"\/><figcaption><strong>Momar Mbaye<\/strong>, fondateur et CEO du\u00a0<strong>Groupe Senef<\/strong>, \u00e9diteur de solutions informatiques de gestion Web en mode Saas, et d\u2019applications mobiles innovantes et flexible, pour les entreprises de services la personne (silver economy), facilities management et les h\u00f4tels&amp;r\u00e9sidences\u00a0<a href=\"http:\/\/www.groupesenef.com\/\">http:\/\/www.groupesenef.com\/<\/a><\/figcaption><\/figure>\r\n\r\n\r\n\r\n<figure class=\"wp-block-image size-large\"><img decoding=\"async\" src=\"http:\/\/citizen.caansoft.com\/wp-content\/uploads\/2020\/11\/Picture20-2.png\" alt=\"\" class=\"wp-image-4412\"\/><figcaption><strong>Ahmed Mhiri<\/strong>, co-fondateur de\u00a0<strong>TravelCar,\u00a0<\/strong>plateforme fran\u00e7aise d\u2019autopartage entre voyageurs, lanc\u00e9e en 2012. Elle propose aux voyageurs laissant leur v\u00e9hicule dans un a\u00e9roport de le louer pendant leur absence.\u00a0<a href=\"https:\/\/www.travelcar.com\/fr-FR\/\">https:\/\/www.travelcar.com\/fr-FR\/<\/a><\/figcaption><\/figure>\r\n\r\n\r\n\r\n<figure class=\"wp-block-image size-large\"><img decoding=\"async\" src=\"http:\/\/citizen.caansoft.com\/wp-content\/uploads\/2020\/11\/Picture21-1.png\" alt=\"\" class=\"wp-image-4413\"\/><figcaption><strong>Xavier Morcillo,\u00a0<\/strong>fondateur et CEO d\u2019<strong>Amexio,\u00a0<\/strong>soci\u00e9t\u00e9 sp\u00e9cialis\u00e9e dans la d\u00e9mat\u00e9rialisation de documents et la conduite de projets de gestion de contenu : l\u2019int\u00e9grateur de r\u00e9f\u00e9rence en France.\u00a0<a href=\"http:\/\/www.amexio.fr\/\">http:\/\/www.amexio.fr\/<\/a><\/figcaption><\/figure>\r\n\r\n\r\n\r\n<figure class=\"wp-block-image size-large\"><img decoding=\"async\" src=\"http:\/\/citizen.caansoft.com\/wp-content\/uploads\/2020\/11\/Picture22-1.png\" alt=\"\" class=\"wp-image-4415\"\/><figcaption><strong>Philippe Mouillard,<\/strong>\u00a0pr\u00e9sident-fondateur de<strong>\u00a0Biotopia<\/strong>, soci\u00e9t\u00e9 innovante d\u00e9di\u00e9e au march\u00e9 bio qui accompagne les entreprises autour d\u2019une offre compl\u00e8te de services : m\u00e9dias (Bio \u00e0 la Une), scoring de produits, panel consommateurs, base de donn\u00e9es et applications mobiles.\u00a0<a href=\"http:\/\/www.biotopia.bio\/\">http:\/\/www.biotopia.bio\/<\/a><\/figcaption><\/figure>\r\n\r\n\r\n\r\n<figure class=\"wp-block-image size-large\"><img decoding=\"async\" src=\"http:\/\/citizen.caansoft.com\/wp-content\/uploads\/2020\/11\/Picture23-2.png\" alt=\"\" class=\"wp-image-4414\"\/><figcaption><strong>Ismael Ould,<\/strong>\u00a0pr\u00e9sident-fondateur de\u00a0<strong>Wynd,<\/strong>\u00a0start-up en pleine croissance qui d\u00e9veloppe des solutions Saas, sous forme d\u2019une plateforme omnicanale SaaS modulaire, pour num\u00e9riser les points de vente et adapter les magasins physiques \u00e0 l\u2019\u00e8re du num\u00e9rique !\u00a0<a href=\"https:\/\/fr.wynd.eu\/\">https:\/\/fr.wynd.eu\/<\/a><\/figcaption><\/figure>\r\n\r\n\r\n\r\n<figure class=\"wp-block-image size-large\"><img decoding=\"async\" src=\"http:\/\/citizen.caansoft.com\/wp-content\/uploads\/2020\/11\/Picture24-2.png\" alt=\"\" class=\"wp-image-4416\"\/><figcaption><strong>Beena Paradin Migotto<\/strong>, fondatrice de\u00a0<strong>Beendhi<\/strong>, vente de produits gourmands et bons pour la sant\u00e9, commercialis\u00e9s via des fili\u00e8res courtes de qualit\u00e9 tout en pr\u00e9servant les ressources naturelles et avec un mod\u00e8le r\u00e9mun\u00e9rateur pour les producteurs.\u00a0<a href=\"https:\/\/shop.beendhi.com\/\">https:\/\/shop.beendhi.com\/<\/a><\/figcaption><\/figure>\r\n\r\n\r\n\r\n<figure class=\"wp-block-image size-large\"><img decoding=\"async\" src=\"http:\/\/citizen.caansoft.com\/wp-content\/uploads\/2020\/11\/Picture25-1.png\" alt=\"\" class=\"wp-image-4417\"\/><figcaption><strong>Gr\u00e9gory Pascal,\u00a0<\/strong>co-fondateur de<strong>\u00a0SensioLabs\u00a0<\/strong>et Pr\u00e9sident fondateur de Pr\u00e9curseur dans le domaine du d\u00e9veloppement Web et de la communication digitale.\u00a0<a href=\"https:\/\/sensiolabs.com\/\">https:\/\/sensiolabs.com<\/a>\u00a0\u2013\u00a0<a href=\"http:\/\/www.sensiogrey.com\/\">http:\/\/www.sensiogrey.com\/<\/a><\/figcaption><\/figure>\r\n\r\n\r\n\r\n<figure class=\"wp-block-image size-large\"><img decoding=\"async\" src=\"http:\/\/citizen.caansoft.com\/wp-content\/uploads\/2020\/11\/Picture26-1-1.png\" alt=\"\" class=\"wp-image-4418\"\/><figcaption><strong>Areeba Rehman, Usman Javed\u00a0<\/strong>et<strong>\u00a0Umar Rehman,\u00a0<\/strong>co-fondateurs de\u00a0<strong>Fretbay<\/strong>\u00a0et\u00a0<strong>MyBoxMan<\/strong>,\u00a0la premi\u00e8re plate-forme web europ\u00e9enne aidant plus de 8000 entreprises de d\u00e9m\u00e9nagement professionnelles \u00e0 optimiser leurs trajets<strong>.\u00a0<\/strong><a href=\"https:\/\/fretbay.com\/fr\/\">https:\/\/fretbay.com\/fr\/<\/a>\u00a0\u2013\u00a0<a href=\"https:\/\/myboxman.com\/fr\/\">https:\/\/myboxman.com\/fr\/<\/a><\/figcaption><\/figure>\r\n\r\n\r\n\r\n<figure class=\"wp-block-image size-large\"><img decoding=\"async\" src=\"http:\/\/citizen.caansoft.com\/wp-content\/uploads\/2020\/11\/Picture27-1.png\" alt=\"\" class=\"wp-image-4419\"\/><figcaption><strong>Philippe<\/strong>\u00a0<strong>Rivi\u00e8re<\/strong>, CEO\u00a0Weare International de<strong>\u00a0WeareGroup<\/strong>, un groupe industriel, n\u00e9 de l\u2019int\u00e9gration de 5 PME industrielles fran\u00e7aises et sp\u00e9cialis\u00e9 dans la production de pi\u00e8ces de d\u00e9tails pour les industries a\u00e9rospatiale, automobile, m\u00e9dicale et d\u00e9fense.\u00a0<a href=\"https:\/\/www.weare-aerospace.com\/fr\/accueil\/\">https:\/\/www.weare-aerospace.com\/fr\/accueil\/<\/a><\/figcaption><\/figure>\r\n\r\n\r\n\r\n<figure class=\"wp-block-image size-large\"><img decoding=\"async\" src=\"http:\/\/citizen.caansoft.com\/wp-content\/uploads\/2020\/11\/Picture31-1.png\" alt=\"\" class=\"wp-image-4420\"\/><figcaption><strong>Gr\u00e9goire Sentilhes,<\/strong>\u00a0Pr\u00e9sident de\u00a0<strong>NextStage AM,\u00a0<\/strong>pionniers et leaders du capital d\u00e9veloppement en France qui investit dans un nombre limit\u00e9 d\u2019entreprises innovantes en croissance en France et dans l\u2019UE, fournissant une expertise en mati\u00e8re d\u2019investissement entrepreneurial et une exp\u00e9rience internationale et op\u00e9rationnelle.\u00a0<a href=\"http:\/\/www.nextstage.com\/\">http:\/\/www.nextstage.com\/<\/a><\/figcaption><\/figure>\r\n\r\n\r\n\r\n<figure class=\"wp-block-image size-large\"><img decoding=\"async\" src=\"http:\/\/citizen.caansoft.com\/wp-content\/uploads\/2020\/11\/Picture28-1-1.png\" alt=\"\" class=\"wp-image-4421\"\/><figcaption><strong>David Vauthrin<\/strong>, co-fondateur de\u00a0<strong>Finalcad,\u00a0<\/strong>logiciels mobiles sur tablettes et smartphones pour les entreprises de BTP.\u00a0<a href=\"https:\/\/www.finalcad.com\/fr\/\">https:\/\/www.finalcad.com\/fr\/<\/a><\/figcaption><\/figure>\r\n\r\n\r\n\r\n<figure class=\"wp-block-image size-large\"><img decoding=\"async\" src=\"http:\/\/citizen.caansoft.com\/wp-content\/uploads\/2020\/11\/Picture29-1-1.png\" alt=\"\" class=\"wp-image-4422\"\/><figcaption><strong>Julien<\/strong>\u00a0<strong>Verdier<\/strong>, fondateur de\u00a0<strong>AdYouLike<\/strong>, soci\u00e9t\u00e9 de technologie qui \u00e9volue dans le domaine de la publicit\u00e9 sur Internet dite \u00ab\u00a0Native\u00a0\u00bb, int\u00e9gr\u00e9e au contenu \u00e9ditorial et \u00e0 l\u2019exp\u00e9rience utilisateur.\u00a0<a href=\"https:\/\/www.adyoulike.com\/\">https:\/\/www.adyoulike.com\/<\/a><\/figcaption><\/figure>\r\n\r\n\r\n\r\n<figure class=\"wp-block-image size-large\"><img decoding=\"async\" src=\"http:\/\/citizen.caansoft.com\/wp-content\/uploads\/2020\/11\/Picture30-1.png\" alt=\"\" class=\"wp-image-4423\"\/><figcaption><strong>Demba Yatera,\u00a0<\/strong>CEO et\u00a0<strong>Albert Mendy,<\/strong>\u00a0d\u2019<strong>Euro Suret\u00e9\u00a0Protection,\u00a0<\/strong>soci\u00e9t\u00e9 de s\u00e9curit\u00e9 priv\u00e9e sp\u00e9cialis\u00e9e dans la s\u00e9curit\u00e9 des \u00e9v\u00e9nements, la vid\u00e9osurveillance, la protection rapproch\u00e9e, le gardiennage et la s\u00e9curit\u00e9 incendie.\u00a0<a href=\"https:\/\/www.esp-securite.fr\/\">https:\/\/www.esp-securite.fr\/<\/a><br><\/figcaption><\/figure>\r\n\r\n\r\n\r\n<p><strong>Accompagnateurs de la d\u00e9l\u00e9gation<\/strong><\/p>\r\n\r\n\r\n\r\n<ul class=\"wp-block-list\"><li><strong>Jean-Louis GREGOIRE,&nbsp;<\/strong>Directeur International,&nbsp;<strong>Citizen Entrepreneurs<\/strong><\/li><li><strong>Valentin LAIGRE,&nbsp;<\/strong>Chef de Projet,&nbsp;<strong>Citizen Entrepreneurs<\/strong><\/li><li><strong>Arnaud MANCERON,&nbsp;<\/strong>Directeur Grands Partenariats,&nbsp;<strong>BNP Paribas<\/strong><\/li><li><strong>Jean-Fran\u00e7ois ROYER<\/strong>, Associ\u00e9,&nbsp;<strong>EY<\/strong><\/li><\/ul>\r\n\r\n\r\n\r\n<figure class=\"wp-block-image size-large\"><img decoding=\"async\" src=\"http:\/\/citizen.caansoft.com\/wp-content\/uploads\/2020\/11\/Picture4-1-1.png\" alt=\"\" class=\"wp-image-4424\"\/><\/figure>\r\n","protected":false},"excerpt":{"rendered":"<p>16 &amp; 17 mai | Fukuoka, Japon La Young Entrepreneurs\u2019 Alliance (G20 YEA) est un r\u00e9seau mondial d\u2019associations dont l\u2019objectif est de mettre en avant le r\u00f4le de l\u2019entrepreneur comme moteur de croissance, d\u2019innovation, de cr\u00e9ation d\u2019emploi et de prosp\u00e9rit\u00e9 \u00e9conomique et sociale. Nous rassemblons l\u2019\u00e9cosyst\u00e8me entrepreneurial fran\u00e7ais pour promouvoir et f\u00e9d\u00e9rer les synergies en [&hellip;]<\/p>\n","protected":false},"featured_media":6598,"template":"","class_list":["post-6597","summits","type-summits","status-publish","has-post-thumbnail","hentry"],"acf":[],"yoast_head":"<!-- This site is optimized with the Yoast SEO plugin v27.2 - https:\/\/yoast.com\/product\/yoast-seo-wordpress\/ -->\n<title>G20 YEA 2019 \u2013 Fukuoka, Japon - Citizen-entrepreneurs<\/title>\n<meta name=\"robots\" content=\"index, follow, max-snippet:-1, max-image-preview:large, max-video-preview:-1\" \/>\n<link rel=\"canonical\" href=\"https:\/\/citizen-entrepreneurs.com\/index.php\/summits\/g20-yea-2019-fukuoka-japon\/\" \/>\n<meta property=\"og:locale\" content=\"en_US\" \/>\n<meta property=\"og:type\" content=\"article\" \/>\n<meta property=\"og:title\" content=\"G20 YEA 2019 \u2013 Fukuoka, Japon - Citizen-entrepreneurs\" \/>\n<meta property=\"og:description\" content=\"16 &amp; 17 mai | Fukuoka, Japon La Young Entrepreneurs\u2019 Alliance (G20 YEA) est un r\u00e9seau mondial d\u2019associations dont l\u2019objectif est de mettre en avant le r\u00f4le de l\u2019entrepreneur comme moteur de croissance, d\u2019innovation, de cr\u00e9ation d\u2019emploi et de prosp\u00e9rit\u00e9 \u00e9conomique et sociale. Nous rassemblons l\u2019\u00e9cosyst\u00e8me entrepreneurial fran\u00e7ais pour promouvoir et f\u00e9d\u00e9rer les synergies en [&hellip;]\" \/>\n<meta property=\"og:url\" content=\"https:\/\/citizen-entrepreneurs.com\/index.php\/summits\/g20-yea-2019-fukuoka-japon\/\" \/>\n<meta property=\"og:site_name\" content=\"Citizen-entrepreneurs\" \/>\n<meta property=\"og:image\" content=\"https:\/\/citizen-entrepreneurs.com\/wp-content\/uploads\/2024\/09\/G20YEA2019-2-removebg-preview.png\" \/>\n\t<meta property=\"og:image:width\" content=\"613\" \/>\n\t<meta property=\"og:image:height\" content=\"407\" \/>\n\t<meta property=\"og:image:type\" content=\"image\/png\" \/>\n<meta name=\"twitter:card\" content=\"summary_large_image\" \/>\n<meta name=\"twitter:label1\" content=\"Est. reading time\" \/>\n\t<meta name=\"twitter:data1\" content=\"7 minutes\" \/>\n<script type=\"application\/ld+json\" class=\"yoast-schema-graph\">{\"@context\":\"https:\/\/schema.org\",\"@graph\":[{\"@type\":\"WebPage\",\"@id\":\"https:\/\/citizen-entrepreneurs.com\/index.php\/summits\/g20-yea-2019-fukuoka-japon\/\",\"url\":\"https:\/\/citizen-entrepreneurs.com\/index.php\/summits\/g20-yea-2019-fukuoka-japon\/\",\"name\":\"G20 YEA 2019 \u2013 Fukuoka, Japon - Citizen-entrepreneurs\",\"isPartOf\":{\"@id\":\"https:\/\/citizen-entrepreneurs.com\/#website\"},\"primaryImageOfPage\":{\"@id\":\"https:\/\/citizen-entrepreneurs.com\/index.php\/summits\/g20-yea-2019-fukuoka-japon\/#primaryimage\"},\"image\":{\"@id\":\"https:\/\/citizen-entrepreneurs.com\/index.php\/summits\/g20-yea-2019-fukuoka-japon\/#primaryimage\"},\"thumbnailUrl\":\"https:\/\/citizen-entrepreneurs.com\/wp-content\/uploads\/2024\/09\/G20YEA2019-2-removebg-preview.png\",\"datePublished\":\"2024-09-12T06:39:24+00:00\",\"breadcrumb\":{\"@id\":\"https:\/\/citizen-entrepreneurs.com\/index.php\/summits\/g20-yea-2019-fukuoka-japon\/#breadcrumb\"},\"inLanguage\":\"en-US\",\"potentialAction\":[{\"@type\":\"ReadAction\",\"target\":[\"https:\/\/citizen-entrepreneurs.com\/index.php\/summits\/g20-yea-2019-fukuoka-japon\/\"]}]},{\"@type\":\"ImageObject\",\"inLanguage\":\"en-US\",\"@id\":\"https:\/\/citizen-entrepreneurs.com\/index.php\/summits\/g20-yea-2019-fukuoka-japon\/#primaryimage\",\"url\":\"https:\/\/citizen-entrepreneurs.com\/wp-content\/uploads\/2024\/09\/G20YEA2019-2-removebg-preview.png\",\"contentUrl\":\"https:\/\/citizen-entrepreneurs.com\/wp-content\/uploads\/2024\/09\/G20YEA2019-2-removebg-preview.png\",\"width\":613,\"height\":407},{\"@type\":\"BreadcrumbList\",\"@id\":\"https:\/\/citizen-entrepreneurs.com\/index.php\/summits\/g20-yea-2019-fukuoka-japon\/#breadcrumb\",\"itemListElement\":[{\"@type\":\"ListItem\",\"position\":1,\"name\":\"Home\",\"item\":\"https:\/\/citizen-entrepreneurs.com\/\"},{\"@type\":\"ListItem\",\"position\":2,\"name\":\"summits\",\"item\":\"https:\/\/citizen-entrepreneurs.com\/index.php\/g20-yea-editions-precedentes\/\"},{\"@type\":\"ListItem\",\"position\":3,\"name\":\"G20 YEA 2019 \u2013 Fukuoka, Japon\"}]},{\"@type\":\"WebSite\",\"@id\":\"https:\/\/citizen-entrepreneurs.com\/#website\",\"url\":\"https:\/\/citizen-entrepreneurs.com\/\",\"name\":\"Citizen-entrepreneurs\",\"description\":\"\",\"potentialAction\":[{\"@type\":\"SearchAction\",\"target\":{\"@type\":\"EntryPoint\",\"urlTemplate\":\"https:\/\/citizen-entrepreneurs.com\/?s={search_term_string}\"},\"query-input\":{\"@type\":\"PropertyValueSpecification\",\"valueRequired\":true,\"valueName\":\"search_term_string\"}}],\"inLanguage\":\"en-US\"}]}<\/script>\n<!-- \/ Yoast SEO plugin. -->","yoast_head_json":{"title":"G20 YEA 2019 \u2013 Fukuoka, Japon - Citizen-entrepreneurs","robots":{"index":"index","follow":"follow","max-snippet":"max-snippet:-1","max-image-preview":"max-image-preview:large","max-video-preview":"max-video-preview:-1"},"canonical":"https:\/\/citizen-entrepreneurs.com\/index.php\/summits\/g20-yea-2019-fukuoka-japon\/","og_locale":"en_US","og_type":"article","og_title":"G20 YEA 2019 \u2013 Fukuoka, Japon - Citizen-entrepreneurs","og_description":"16 &amp; 17 mai | Fukuoka, Japon La Young Entrepreneurs\u2019 Alliance (G20 YEA) est un r\u00e9seau mondial d\u2019associations dont l\u2019objectif est de mettre en avant le r\u00f4le de l\u2019entrepreneur comme moteur de croissance, d\u2019innovation, de cr\u00e9ation d\u2019emploi et de prosp\u00e9rit\u00e9 \u00e9conomique et sociale. Nous rassemblons l\u2019\u00e9cosyst\u00e8me entrepreneurial fran\u00e7ais pour promouvoir et f\u00e9d\u00e9rer les synergies en [&hellip;]","og_url":"https:\/\/citizen-entrepreneurs.com\/index.php\/summits\/g20-yea-2019-fukuoka-japon\/","og_site_name":"Citizen-entrepreneurs","og_image":[{"width":613,"height":407,"url":"https:\/\/citizen-entrepreneurs.com\/wp-content\/uploads\/2024\/09\/G20YEA2019-2-removebg-preview.png","type":"image\/png"}],"twitter_card":"summary_large_image","twitter_misc":{"Est. reading time":"7 minutes"},"schema":{"@context":"https:\/\/schema.org","@graph":[{"@type":"WebPage","@id":"https:\/\/citizen-entrepreneurs.com\/index.php\/summits\/g20-yea-2019-fukuoka-japon\/","url":"https:\/\/citizen-entrepreneurs.com\/index.php\/summits\/g20-yea-2019-fukuoka-japon\/","name":"G20 YEA 2019 \u2013 Fukuoka, Japon - Citizen-entrepreneurs","isPartOf":{"@id":"https:\/\/citizen-entrepreneurs.com\/#website"},"primaryImageOfPage":{"@id":"https:\/\/citizen-entrepreneurs.com\/index.php\/summits\/g20-yea-2019-fukuoka-japon\/#primaryimage"},"image":{"@id":"https:\/\/citizen-entrepreneurs.com\/index.php\/summits\/g20-yea-2019-fukuoka-japon\/#primaryimage"},"thumbnailUrl":"https:\/\/citizen-entrepreneurs.com\/wp-content\/uploads\/2024\/09\/G20YEA2019-2-removebg-preview.png","datePublished":"2024-09-12T06:39:24+00:00","breadcrumb":{"@id":"https:\/\/citizen-entrepreneurs.com\/index.php\/summits\/g20-yea-2019-fukuoka-japon\/#breadcrumb"},"inLanguage":"en-US","potentialAction":[{"@type":"ReadAction","target":["https:\/\/citizen-entrepreneurs.com\/index.php\/summits\/g20-yea-2019-fukuoka-japon\/"]}]},{"@type":"ImageObject","inLanguage":"en-US","@id":"https:\/\/citizen-entrepreneurs.com\/index.php\/summits\/g20-yea-2019-fukuoka-japon\/#primaryimage","url":"https:\/\/citizen-entrepreneurs.com\/wp-content\/uploads\/2024\/09\/G20YEA2019-2-removebg-preview.png","contentUrl":"https:\/\/citizen-entrepreneurs.com\/wp-content\/uploads\/2024\/09\/G20YEA2019-2-removebg-preview.png","width":613,"height":407},{"@type":"BreadcrumbList","@id":"https:\/\/citizen-entrepreneurs.com\/index.php\/summits\/g20-yea-2019-fukuoka-japon\/#breadcrumb","itemListElement":[{"@type":"ListItem","position":1,"name":"Home","item":"https:\/\/citizen-entrepreneurs.com\/"},{"@type":"ListItem","position":2,"name":"summits","item":"https:\/\/citizen-entrepreneurs.com\/index.php\/g20-yea-editions-precedentes\/"},{"@type":"ListItem","position":3,"name":"G20 YEA 2019 \u2013 Fukuoka, Japon"}]},{"@type":"WebSite","@id":"https:\/\/citizen-entrepreneurs.com\/#website","url":"https:\/\/citizen-entrepreneurs.com\/","name":"Citizen-entrepreneurs","description":"","potentialAction":[{"@type":"SearchAction","target":{"@type":"EntryPoint","urlTemplate":"https:\/\/citizen-entrepreneurs.com\/?s={search_term_string}"},"query-input":{"@type":"PropertyValueSpecification","valueRequired":true,"valueName":"search_term_string"}}],"inLanguage":"en-US"}]}},"_links":{"self":[{"href":"https:\/\/citizen-entrepreneurs.com\/index.php\/wp-json\/wp\/v2\/summits\/6597","targetHints":{"allow":["GET"]}}],"collection":[{"href":"https:\/\/citizen-entrepreneurs.com\/index.php\/wp-json\/wp\/v2\/summits"}],"about":[{"href":"https:\/\/citizen-entrepreneurs.com\/index.php\/wp-json\/wp\/v2\/types\/summits"}],"wp:featuredmedia":[{"embeddable":true,"href":"https:\/\/citizen-entrepreneurs.com\/index.php\/wp-json\/wp\/v2\/media\/6598"}],"wp:attachment":[{"href":"https:\/\/citizen-entrepreneurs.com\/index.php\/wp-json\/wp\/v2\/media?parent=6597"}],"curies":[{"name":"wp","href":"https:\/\/api.w.org\/{rel}","templated":true}]}}